{"id":5,"date":"2019-11-26T12:22:54","date_gmt":"2019-11-26T12:22:54","guid":{"rendered":"https:\/\/demosites.io\/blogger-gb\/?page_id=5"},"modified":"2025-02-12T15:21:57","modified_gmt":"2025-02-12T15:21:57","slug":"582c1-blogger-gb-home","status":"publish","type":"page","link":"https:\/\/cohabitem.org\/ca\/","title":{"rendered":"Inicio"},"content":{"rendered":"<div id=\"wp-block-themeisle-blocks-advanced-columns-3001586d\" class=\"wp-block-themeisle-blocks-advanced-columns alignfull has-2-columns has-desktop-oneTwo-layout has-tablet-equal-layout hide-in-mobile has-vertical-unset has-default-gap has-light-bg\"><div class=\"wp-block-themeisle-blocks-advanced-columns-overlay\"><\/div><div class=\"innerblocks-wrap\">\n<div id=\"wp-block-themeisle-blocks-advanced-column-5e8bf7bb\" class=\"wp-block-themeisle-blocks-advanced-column\">\n<p class=\"translation-block\">COORDINADORA PER LA REGULACI\u00d3<br>AMB FINAN\u00c7AMENT P\u00daBLIC<br>DEL COHABITATGE VALENCI\u00c0<\/p>\n<\/div>\n\n\n\n<div id=\"wp-block-themeisle-blocks-advanced-column-a11a67bc\" class=\"wp-block-themeisle-blocks-advanced-column\">\n<h2 id=\"wp-block-themeisle-blocks-advanced-heading-08e6a7bb\" class=\"wp-block-themeisle-blocks-advanced-heading wp-block-themeisle-blocks-advanced-heading-08e6a7bb animated fadeInRightBig slow delay-500ms\">Cohabitem<\/h2>\n<\/div>\n<\/div><\/div>\n\n\n\n<div id=\"wp-block-themeisle-blocks-advanced-columns-b320f813\" class=\"wp-block-themeisle-blocks-advanced-columns alignfull has-3-columns has-desktop-equal-layout has-tablet-equal-layout has-mobile-collapsedRows-layout has-vertical-unset\"><div class=\"wp-block-themeisle-blocks-advanced-columns-overlay\"><\/div><div class=\"innerblocks-wrap\">\n<div id=\"wp-block-themeisle-blocks-advanced-column-42182f0d\" class=\"wp-block-themeisle-blocks-advanced-column\">\n<h2 class=\"wp-block-heading\">Cohabitatge?<\/h2>\n\n\n\n<p class=\"translation-block\">El <em>cohousing<\/em>, cohabitatge o habitatge col\u00b7laboratiu en <em>cessi\u00f3 d'\u00fas<\/em> \u00e9s un model d' acc\u00e9s a la vivenda assequible, inclusiu, no especulatiu i orientat a la vida en comunitat. Crea ve\u00efnats actius que permeten compartir espais, serveis, cures i activitats i generen qualitat de vida.<\/p>\n\n\n\n<div style=\"height:25px\" aria-hidden=\"true\" class=\"wp-block-spacer\"><\/div>\n\n\n\n<div class=\"wp-block-buttons alignfull is-horizontal is-content-justification-left is-layout-flex wp-container-core-buttons-is-layout-1 wp-block-buttons-is-layout-flex\">\n<div class=\"wp-block-button has-custom-width wp-block-button__width-100 is-style-fill translation-block\"><a class=\"wp-block-button__link has-gray-color has-yellow-background-color has-text-color has-background\" href=\"https:\/\/cohabitem.org\/ca\/covivienda\/\" target=\"_self\">Qu\u00e8 \u00e9s (i no \u00e9s) el <strong>cohabitatge<\/strong><\/a><\/div>\n<\/div>\n<\/div>\n\n\n\n<div id=\"wp-block-themeisle-blocks-advanced-column-cd359245\" class=\"wp-block-themeisle-blocks-advanced-column\">\n<h2 class=\"wp-block-heading\">Regulaci\u00f3?<\/h2>\n\n\n\n<p>Perqu\u00e8 este model es puga difondre com a alternativa a la propietat i al lloguer, cal m\u00e9s seguretat jur\u00eddica i un reconeixement de les seues caracter\u00edstiques i particularitats a nivell legal. Volem acompanyar a l\u2019Administraci\u00f3 P\u00fablica i aplanar el cam\u00ed per a escalar el model.<\/p>\n\n\n\n<div style=\"height:25px\" aria-hidden=\"true\" class=\"wp-block-spacer\"><\/div>\n\n\n\n<div class=\"wp-block-buttons alignfull is-horizontal is-content-justification-left is-layout-flex wp-container-core-buttons-is-layout-2 wp-block-buttons-is-layout-flex\">\n<div class=\"wp-block-button has-custom-width wp-block-button__width-100 is-style-fill\"><a class=\"wp-block-button__link has-gray-color has-yellow-background-color has-text-color has-background wp-element-button\" href=\"https:\/\/cohabitem.org\/ca\/regulacion\/\">Propuestas de <strong>regulaci\u00f3n<\/strong><\/a><\/div>\n<\/div>\n<\/div>\n\n\n\n<div id=\"wp-block-themeisle-blocks-advanced-column-9a9f49aa\" class=\"wp-block-themeisle-blocks-advanced-column\">\n<h2 class=\"wp-block-heading\">Finan\u00e7ament?<\/h2>\n\n\n\n<p>Els mecanismes de finan\u00e7ament necessiten ser actualitzats per a  acompanyar un model de promoci\u00f3 cooperativa que \u00e9s de per si econ\u00f2micament sostenible per\u00f2 que no posa l\u2019\u00e8mfasi ni en l\u2019especulaci\u00f3 ni en la rendibilitat. Busquem que l\u2019Administraci\u00f3 p\u00fablica s\u2019implique.<\/p>\n\n\n\n<div style=\"height:25px\" aria-hidden=\"true\" class=\"wp-block-spacer\"><\/div>\n\n\n\n<div class=\"wp-block-buttons alignfull is-horizontal is-content-justification-left is-layout-flex wp-container-core-buttons-is-layout-3 wp-block-buttons-is-layout-flex\">\n<div class=\"wp-block-button has-custom-width wp-block-button__width-100 is-style-fill\"><a class=\"wp-block-button__link has-gray-color has-yellow-background-color has-text-color has-background wp-element-button\" href=\"https:\/\/cohabitem.org\/ca\/propuestas-de-financiacion\/\">Propuestas de <strong>financiaci\u00f3n<\/strong><\/a><\/div>\n<\/div>\n<\/div>\n<\/div><\/div>\n\n\n\n<div style=\"height:50px\" aria-hidden=\"true\" class=\"wp-block-spacer\"><\/div>\n\n\n\n<div id=\"wp-block-themeisle-blocks-advanced-columns-88da8773\" class=\"wp-block-themeisle-blocks-advanced-columns alignfull has-2-columns has-desktop-twoOne-layout has-tablet-equal-layout has-mobile-collapsedRows-layout has-vertical-center\"><div class=\"wp-block-themeisle-blocks-advanced-columns-overlay\"><\/div><div class=\"innerblocks-wrap\">\n<div id=\"wp-block-themeisle-blocks-advanced-column-cec4d2a1\" class=\"wp-block-themeisle-blocks-advanced-column ticss-48ef8f35 has-light-bg\">\n<p id=\"wp-block-themeisle-blocks-advanced-heading-cfd27969\" class=\"wp-block-themeisle-blocks-advanced-heading wp-block-themeisle-blocks-advanced-heading-cfd27969\"><strong>Sobre nosaltres<\/strong><\/p>\n\n\n\n<h2 class=\"wp-block-heading has-nv-text-dark-bg-color has-text-color\" style=\"line-height:1\">Per qu\u00e8 una coordinadora?<\/h2>\n\n\n\n<p class=\"has-nv-text-dark-bg-color has-text-color translation-block\">Volem facilitar a les administracions p\u00fabliques, a les entitats financeres i a altres agents un interlocutor clar amb el sector emergent de les cooperatives en cessi\u00f3 d'\u00fas o <em>cohousing<\/em>.<\/p>\n\n\n\n<div class=\"wp-block-buttons is-horizontal is-content-justification-right is-layout-flex wp-container-core-buttons-is-layout-4 wp-block-buttons-is-layout-flex\">\n<div class=\"wp-block-button\"><a class=\"wp-block-button__link wp-element-button\" href=\"https:\/\/cohabitem.org\/ca\/coordinadora\/\">Qu\u00e8 demanem? Qu\u00e8 oferim?<\/a><\/div>\n<\/div>\n\n\n\n<div style=\"height:10px\" aria-hidden=\"true\" class=\"wp-block-spacer\"><\/div>\n<\/div>\n\n\n\n<div id=\"wp-block-themeisle-blocks-advanced-column-a0f48e05\" class=\"wp-block-themeisle-blocks-advanced-column\"><\/div>\n<\/div><\/div>\n\n\n\n<div class=\"wp-block-group alignfull is-layout-flow wp-block-group-is-layout-flow\" style=\"padding-top:40px;padding-right:0px;padding-bottom:0px;padding-left:40px\">\n<h2 class=\"wp-block-heading alignwide ticss-0341fda5\" style=\"line-height:1\">Qui som<\/h2>\n<\/div>\n\n\n\n<section id=\"wp-block-themeisle-blocks-advanced-columns-c35e1bf3\" class=\"wp-block-themeisle-blocks-advanced-columns alignfull has-3-columns has-desktop-equal-layout has-tablet-equal-layout has-mobile-collapsedRows-layout has-vertical-flex-start\"><div class=\"wp-block-themeisle-blocks-advanced-columns-overlay\"><\/div><div class=\"innerblocks-wrap\">\n<div id=\"wp-block-themeisle-blocks-advanced-column-7002fb8f\" class=\"wp-block-themeisle-blocks-advanced-column\">\n<figure class=\"wp-block-image size-full\"><a href=\"https:\/\/cohabitem.org\/ca\/morvedre\/\"><img decoding=\"async\" width=\"1080\" height=\"1080\" src=\"https:\/\/cohabitem.org\/wp-content\/uploads\/2024\/12\/imagen-edited.jpg\" alt=\"\" class=\"wp-image-1667\" srcset=\"https:\/\/cohabitem.org\/wp-content\/uploads\/2024\/12\/imagen-edited.jpg 1080w, https:\/\/cohabitem.org\/wp-content\/uploads\/2024\/12\/imagen-edited-300x300.jpg 300w, https:\/\/cohabitem.org\/wp-content\/uploads\/2024\/12\/imagen-edited-1024x1024.jpg 1024w, https:\/\/cohabitem.org\/wp-content\/uploads\/2024\/12\/imagen-edited-150x150.jpg 150w, https:\/\/cohabitem.org\/wp-content\/uploads\/2024\/12\/imagen-edited-768x768.jpg 768w, https:\/\/cohabitem.org\/wp-content\/uploads\/2024\/12\/imagen-edited-12x12.jpg 12w\" sizes=\"(max-width: 1080px) 100vw, 1080px\" \/><\/a><\/figure>\n\n\n\n<div class=\"wp-block-buttons ticss-7fdd909a is-layout-flex wp-block-buttons-is-layout-flex\">\n<div class=\"wp-block-button has-custom-width wp-block-button__width-100 has-custom-font-size is-style-primary has-large-font-size\"><a class=\"wp-block-button__link has-white-color has-text-color wp-element-button\" href=\"https:\/\/cohabitem.org\/ca\/morvedre\/\">Morvedre Cohabitatge<\/a><\/div>\n<\/div>\n\n\n\n<p class=\"has-text-align-center has-background\" style=\"background-color:#f3f3f3\">Asociaci\u00f3n promoviendo cohousing senior en la ciudad de Sagunto<\/p>\n<\/div>\n\n\n\n<div id=\"wp-block-themeisle-blocks-advanced-column-3e5aec1f\" class=\"wp-block-themeisle-blocks-advanced-column\">\n<figure class=\"wp-block-image size-large\"><a href=\"https:\/\/cohabitem.org\/ca\/corriol\/\"><img decoding=\"async\" width=\"1024\" height=\"1024\" src=\"https:\/\/cohabitem.org\/wp-content\/uploads\/2022\/11\/1663704978082_1080-1024x1024.jpg\" alt=\"Foto de grupo del proyecto Corriol\" class=\"wp-image-1453\" srcset=\"https:\/\/cohabitem.org\/wp-content\/uploads\/2022\/11\/1663704978082_1080-1024x1024.jpg 1024w, https:\/\/cohabitem.org\/wp-content\/uploads\/2022\/11\/1663704978082_1080-300x300.jpg 300w, https:\/\/cohabitem.org\/wp-content\/uploads\/2022\/11\/1663704978082_1080-150x150.jpg 150w, https:\/\/cohabitem.org\/wp-content\/uploads\/2022\/11\/1663704978082_1080-768x768.jpg 768w, https:\/\/cohabitem.org\/wp-content\/uploads\/2022\/11\/1663704978082_1080-12x12.jpg 12w, https:\/\/cohabitem.org\/wp-content\/uploads\/2022\/11\/1663704978082_1080.jpg 1080w\" sizes=\"(max-width: 1024px) 100vw, 1024px\" \/><\/a><\/figure>\n\n\n\n<div class=\"wp-block-buttons ticss-7fdd909a is-layout-flex wp-block-buttons-is-layout-flex\">\n<div class=\"wp-block-button has-custom-width wp-block-button__width-100 has-custom-font-size is-style-primary has-large-font-size\"><a class=\"wp-block-button__link has-white-color has-text-color wp-element-button\" href=\"https:\/\/cohabitem.org\/ca\/corriol\/\">Corriol<\/a><\/div>\n<\/div>\n\n\n\n<p class=\"has-text-align-center has-background\" style=\"background-color:#f3f3f3\">Associaci\u00f3 que promou un projecte intergeneracional a Val\u00e8ncia<\/p>\n<\/div>\n\n\n\n<div id=\"wp-block-themeisle-blocks-advanced-column-be60fbba\" class=\"wp-block-themeisle-blocks-advanced-column\">\n<figure class=\"wp-block-image size-full\"><a href=\"https:\/\/cohabitem.org\/ca\/agora\/\"><img decoding=\"async\" width=\"400\" height=\"399\" src=\"https:\/\/cohabitem.org\/wp-content\/uploads\/2021\/10\/agora-cuadrada.jpg\" alt=\"\" class=\"wp-image-1014\" srcset=\"https:\/\/cohabitem.org\/wp-content\/uploads\/2021\/10\/agora-cuadrada.jpg 400w, https:\/\/cohabitem.org\/wp-content\/uploads\/2021\/10\/agora-cuadrada-300x300.jpg 300w, https:\/\/cohabitem.org\/wp-content\/uploads\/2021\/10\/agora-cuadrada-150x150.jpg 150w, https:\/\/cohabitem.org\/wp-content\/uploads\/2021\/10\/agora-cuadrada-12x12.jpg 12w\" sizes=\"(max-width: 400px) 100vw, 400px\" \/><\/a><\/figure>\n\n\n\n<div class=\"wp-block-buttons ticss-7fdd909a is-layout-flex wp-block-buttons-is-layout-flex\">\n<div class=\"wp-block-button has-custom-width wp-block-button__width-100 has-custom-font-size is-style-primary has-large-font-size\"><a class=\"wp-block-button__link has-white-color has-text-color wp-element-button\" href=\"https:\/\/cohabitem.org\/ca\/agora\/\">\u00c1gora Alicante<\/a><\/div>\n<\/div>\n\n\n\n<p class=\"has-text-align-center has-background\" style=\"background-color:#f3f3f3\">Cooperativa de vivenda amb projecte intergeneracional a Alacant<\/p>\n<\/div>\n<\/div><\/section>\n\n\n\n<section id=\"wp-block-themeisle-blocks-advanced-columns-c63af7a7\" class=\"wp-block-themeisle-blocks-advanced-columns alignfull has-3-columns has-desktop-equal-layout has-tablet-equal-layout has-mobile-collapsedRows-layout has-vertical-flex-start\"><div class=\"wp-block-themeisle-blocks-advanced-columns-overlay\"><\/div><div class=\"innerblocks-wrap\">\n<div id=\"wp-block-themeisle-blocks-advanced-column-ad2496b6\" class=\"wp-block-themeisle-blocks-advanced-column\">\n<figure class=\"wp-block-image size-full\"><a href=\"https:\/\/cohabitem.org\/ca\/edeta-nova\/\"><img decoding=\"async\" width=\"400\" height=\"400\" src=\"https:\/\/cohabitem.org\/wp-content\/uploads\/2021\/09\/EdetaNova-400.jpg\" alt=\"\" class=\"wp-image-807\" srcset=\"https:\/\/cohabitem.org\/wp-content\/uploads\/2021\/09\/EdetaNova-400.jpg 400w, https:\/\/cohabitem.org\/wp-content\/uploads\/2021\/09\/EdetaNova-400-300x300.jpg 300w, https:\/\/cohabitem.org\/wp-content\/uploads\/2021\/09\/EdetaNova-400-150x150.jpg 150w, https:\/\/cohabitem.org\/wp-content\/uploads\/2021\/09\/EdetaNova-400-12x12.jpg 12w\" sizes=\"(max-width: 400px) 100vw, 400px\" \/><\/a><\/figure>\n\n\n\n<div class=\"wp-block-buttons ticss-7fdd909a is-layout-flex wp-block-buttons-is-layout-flex\">\n<div class=\"wp-block-button has-custom-width wp-block-button__width-100 has-custom-font-size is-style-primary has-large-font-size\"><a class=\"wp-block-button__link has-white-color has-text-color wp-element-button\" href=\"https:\/\/cohabitem.org\/ca\/edeta-nova\/\">Edeta Nova<\/a><\/div>\n<\/div>\n\n\n\n<p class=\"has-text-align-center has-background\" style=\"background-color:#f3f3f3\">Cooperativa de vivenda que promou un projecte intergeneracional a Ll\u00edria<\/p>\n<\/div>\n\n\n\n<div id=\"wp-block-themeisle-blocks-advanced-column-6538f8f9\" class=\"wp-block-themeisle-blocks-advanced-column\">\n<figure class=\"wp-block-image size-large\"><a href=\"https:\/\/cohabitem.org\/ca\/vacaciones-permanentes\/\"><img decoding=\"async\" width=\"1024\" height=\"1024\" src=\"https:\/\/cohabitem.org\/wp-content\/uploads\/2021\/07\/2021-05-16-Algar-todos-2-1920w-vacacionespermanentes-edited-1024x1024.jpg\" alt=\"\" class=\"wp-image-249\" srcset=\"https:\/\/cohabitem.org\/wp-content\/uploads\/2021\/07\/2021-05-16-Algar-todos-2-1920w-vacacionespermanentes-edited-1024x1024.jpg 1024w, https:\/\/cohabitem.org\/wp-content\/uploads\/2021\/07\/2021-05-16-Algar-todos-2-1920w-vacacionespermanentes-edited-300x300.jpg 300w, https:\/\/cohabitem.org\/wp-content\/uploads\/2021\/07\/2021-05-16-Algar-todos-2-1920w-vacacionespermanentes-edited-150x150.jpg 150w, https:\/\/cohabitem.org\/wp-content\/uploads\/2021\/07\/2021-05-16-Algar-todos-2-1920w-vacacionespermanentes-edited-768x768.jpg 768w, https:\/\/cohabitem.org\/wp-content\/uploads\/2021\/07\/2021-05-16-Algar-todos-2-1920w-vacacionespermanentes-edited.jpg 1089w\" sizes=\"(max-width: 1024px) 100vw, 1024px\" \/><\/a><\/figure>\n\n\n\n<div class=\"wp-block-buttons ticss-7fdd909a is-layout-flex wp-block-buttons-is-layout-flex\">\n<div class=\"wp-block-button has-custom-width wp-block-button__width-100 has-custom-font-size is-style-primary has-large-font-size\"><a class=\"wp-block-button__link has-white-color has-text-color wp-element-button\" href=\"https:\/\/cohabitem.org\/ca\/vacaciones-permanentes\/\">Vacaciones Permanentes<\/a><\/div>\n<\/div>\n\n\n\n<p class=\"has-text-align-center has-background\" style=\"background-color:#f3f3f3\">Cooperativa de vivenda amb projecte s\u00e8nior a la zona de Val\u00e8ncia<\/p>\n<\/div>\n\n\n\n<div id=\"wp-block-themeisle-blocks-advanced-column-07c57a33\" class=\"wp-block-themeisle-blocks-advanced-column\">\n<figure class=\"wp-block-image size-full\"><a href=\"https:\/\/cohabitem.org\/ca\/cau-cohousing\/\"><img decoding=\"async\" width=\"400\" height=\"400\" src=\"https:\/\/cohabitem.org\/wp-content\/uploads\/2021\/09\/semilla-Cau-cohausing-400.jpg\" alt=\"Cau Cohousing grupo semilla\" class=\"wp-image-794\" srcset=\"https:\/\/cohabitem.org\/wp-content\/uploads\/2021\/09\/semilla-Cau-cohausing-400.jpg 400w, https:\/\/cohabitem.org\/wp-content\/uploads\/2021\/09\/semilla-Cau-cohausing-400-300x300.jpg 300w, https:\/\/cohabitem.org\/wp-content\/uploads\/2021\/09\/semilla-Cau-cohausing-400-150x150.jpg 150w, https:\/\/cohabitem.org\/wp-content\/uploads\/2021\/09\/semilla-Cau-cohausing-400-12x12.jpg 12w\" sizes=\"(max-width: 400px) 100vw, 400px\" \/><\/a><\/figure>\n\n\n\n<div class=\"wp-block-buttons ticss-7fdd909a is-layout-flex wp-block-buttons-is-layout-flex\">\n<div class=\"wp-block-button has-custom-width wp-block-button__width-100 has-custom-font-size is-style-primary has-large-font-size\"><a class=\"wp-block-button__link has-white-color has-text-color wp-element-button\" href=\"https:\/\/cohabitem.org\/ca\/cau-cohousing\/\">Cau Cohousing<\/a><\/div>\n<\/div>\n\n\n\n<p class=\"has-text-align-center has-background\" style=\"background-color:#f3f3f3\">Associaci\u00f3 que promou un projecte intergeneracional a Val\u00e8ncia<\/p>\n<\/div>\n<\/div><\/section>\n\n\n\n<section id=\"wp-block-themeisle-blocks-advanced-columns-85e2f0ed\" class=\"wp-block-themeisle-blocks-advanced-columns alignfull has-3-columns has-desktop-equal-layout has-tablet-equal-layout has-mobile-collapsedRows-layout has-vertical-flex-start\"><div class=\"wp-block-themeisle-blocks-advanced-columns-overlay\"><\/div><div class=\"innerblocks-wrap\">\n<div id=\"wp-block-themeisle-blocks-advanced-column-e8813d3a\" class=\"wp-block-themeisle-blocks-advanced-column\">\n<figure class=\"wp-block-image size-full\"><img decoding=\"async\" width=\"400\" height=\"400\" src=\"https:\/\/cohabitem.org\/wp-content\/uploads\/2021\/10\/Boceto-proyecto-Baix-Maestrat-400-400x400.jpg\" alt=\"Aepavale\" class=\"wp-image-1105\" srcset=\"https:\/\/cohabitem.org\/wp-content\/uploads\/2021\/10\/Boceto-proyecto-Baix-Maestrat-400-400x400.jpg 400w, https:\/\/cohabitem.org\/wp-content\/uploads\/2021\/10\/Boceto-proyecto-Baix-Maestrat-400-150x150.jpg 150w, https:\/\/cohabitem.org\/wp-content\/uploads\/2021\/10\/Boceto-proyecto-Baix-Maestrat-400-300x300.jpg 300w, https:\/\/cohabitem.org\/wp-content\/uploads\/2021\/10\/Boceto-proyecto-Baix-Maestrat-400-12x12.jpg 12w\" sizes=\"(max-width: 400px) 100vw, 400px\" \/><\/figure>\n\n\n\n<div class=\"wp-block-buttons ticss-7fdd909a is-layout-flex wp-block-buttons-is-layout-flex\">\n<div class=\"wp-block-button has-custom-width wp-block-button__width-100 has-custom-font-size is-style-primary has-large-font-size\"><a class=\"wp-block-button__link has-white-color has-text-color wp-element-button\" href=\"https:\/\/cohabitem.org\/ca\/aepavale\/\"><meta http-equiv=\"content-type\" content=\"text\/html; charset=utf-8\">Aepavale<\/a><\/div>\n<\/div>\n\n\n\n<p class=\"has-text-align-center has-background\" style=\"background-color:#f3f3f3\"><meta http-equiv=\"content-type\" content=\"text\/html; charset=utf-8\"><meta http-equiv=\"content-type\" content=\"text\/html; charset=utf-8\">Associaci\u00f3 que promou un projecte  s\u00e8nior al Baix Maestrat<\/p>\n<\/div>\n\n\n\n<div id=\"wp-block-themeisle-blocks-advanced-column-4ed4ab11\" class=\"wp-block-themeisle-blocks-advanced-column\">\n<figure class=\"wp-block-image size-large\"><img decoding=\"async\" width=\"2560\" height=\"2560\" src=\"https:\/\/cohabitem.org\/wp-content\/uploads\/2022\/12\/20211023_113212-b-edited-scaled.jpg\" alt=\"\" class=\"wp-image-1514\" srcset=\"https:\/\/cohabitem.org\/wp-content\/uploads\/2022\/12\/20211023_113212-b-edited-scaled.jpg 2560w, https:\/\/cohabitem.org\/wp-content\/uploads\/2022\/12\/20211023_113212-b-edited-300x300.jpg 300w, https:\/\/cohabitem.org\/wp-content\/uploads\/2022\/12\/20211023_113212-b-edited-1024x1024.jpg 1024w, https:\/\/cohabitem.org\/wp-content\/uploads\/2022\/12\/20211023_113212-b-edited-150x150.jpg 150w, https:\/\/cohabitem.org\/wp-content\/uploads\/2022\/12\/20211023_113212-b-edited-768x768.jpg 768w, https:\/\/cohabitem.org\/wp-content\/uploads\/2022\/12\/20211023_113212-b-edited-1536x1536.jpg 1536w, https:\/\/cohabitem.org\/wp-content\/uploads\/2022\/12\/20211023_113212-b-edited-2048x2048.jpg 2048w, https:\/\/cohabitem.org\/wp-content\/uploads\/2022\/12\/20211023_113212-b-edited-12x12.jpg 12w, https:\/\/cohabitem.org\/wp-content\/uploads\/2022\/12\/20211023_113212-b-edited-1568x1568.jpg 1568w\" sizes=\"(max-width: 2560px) 100vw, 2560px\" \/><\/figure>\n\n\n\n<div class=\"wp-block-buttons ticss-7fdd909a is-layout-flex wp-block-buttons-is-layout-flex\">\n<div class=\"wp-block-button has-custom-width wp-block-button__width-100 has-custom-font-size is-style-primary has-large-font-size\"><a class=\"wp-block-button__link has-white-color has-text-color wp-element-button\" href=\"https:\/\/cohabitem.org\/ca\/alicante-convivencia\/\">Alicante ConVivencia<\/a><\/div>\n<\/div>\n\n\n\n<p class=\"has-text-align-center has-background\" style=\"background-color:#f3f3f3\"><meta http-equiv=\"content-type\" content=\"text\/html; charset=utf-8\">Cooperativa de persones consumidores i usu\u00e0ries amb projecte s\u00e8nior a Castalla<\/p>\n<\/div>\n\n\n\n<div id=\"wp-block-themeisle-blocks-advanced-column-45d3b43c\" class=\"wp-block-themeisle-blocks-advanced-column\">\n<figure class=\"wp-block-image size-full\"><img decoding=\"async\" width=\"539\" height=\"539\" src=\"https:\/\/cohabitem.org\/wp-content\/uploads\/2022\/12\/FA6BFE18-56DE-42CD-930D-96A09FDE8640-marga-llorden-cuadrado.png\" alt=\"\" class=\"wp-image-1509\" srcset=\"https:\/\/cohabitem.org\/wp-content\/uploads\/2022\/12\/FA6BFE18-56DE-42CD-930D-96A09FDE8640-marga-llorden-cuadrado.png 539w, https:\/\/cohabitem.org\/wp-content\/uploads\/2022\/12\/FA6BFE18-56DE-42CD-930D-96A09FDE8640-marga-llorden-cuadrado-300x300.png 300w, https:\/\/cohabitem.org\/wp-content\/uploads\/2022\/12\/FA6BFE18-56DE-42CD-930D-96A09FDE8640-marga-llorden-cuadrado-150x150.png 150w, https:\/\/cohabitem.org\/wp-content\/uploads\/2022\/12\/FA6BFE18-56DE-42CD-930D-96A09FDE8640-marga-llorden-cuadrado-12x12.png 12w\" sizes=\"(max-width: 539px) 100vw, 539px\" \/><\/figure>\n\n\n\n<div class=\"wp-block-buttons ticss-7fdd909a is-layout-flex wp-block-buttons-is-layout-flex\">\n<div class=\"wp-block-button has-custom-width wp-block-button__width-100 has-custom-font-size is-style-primary has-large-font-size\"><a class=\"wp-block-button__link has-white-color has-text-color wp-element-button\" href=\"https:\/\/cohabitem.org\/ca\/resistir\/\">Resistir<\/a><\/div>\n<\/div>\n\n\n\n<p class=\"has-text-align-center has-background\" style=\"background-color:#f3f3f3\">Cooperativa de vivienda con  tres fases en Valencia, Godella y Port Sagunt<\/p>\n<\/div>\n<\/div><\/section>\n\n\n\n<p class=\"has-text-align-center\">Otros proyectos: Asociaci\u00f3n La Llauradora, La Casita de los Olivos, <br>In LOVE con la Terreta, La Caragola.<\/p>\n\n\n\n<div style=\"height:40px\" aria-hidden=\"true\" class=\"wp-block-spacer\"><\/div>\n\n\n\n<div class=\"wp-block-buttons is-content-justification-center is-layout-flex wp-container-core-buttons-is-layout-14 wp-block-buttons-is-layout-flex\">\n<div class=\"wp-block-button\"><a class=\"wp-block-button__link has-gray-color has-green-background-color has-text-color has-background wp-element-button\" href=\"https:\/\/cohabitem.org\/ca\/covivienda\/#ejemplos\">Conoce otros ejemplos de proyectos en el estado espa\u00f1ol<\/a><\/div>\n<\/div>\n\n\n\n<div style=\"height:50px\" aria-hidden=\"true\" class=\"wp-block-spacer\"><\/div>\n\n\n\n<div id=\"wp-block-themeisle-blocks-advanced-columns-6f11e740\" class=\"wp-block-themeisle-blocks-advanced-columns alignfull has-1-columns has-desktop-equal-layout has-tablet-equal-layout has-mobile-equal-layout has-vertical-unset has-light-bg\"><div class=\"wp-block-themeisle-blocks-advanced-columns-overlay\"><\/div><div class=\"innerblocks-wrap\">\n<div id=\"wp-block-themeisle-blocks-advanced-column-085d763a\" class=\"wp-block-themeisle-blocks-advanced-column\">\n<p id=\"wp-block-themeisle-blocks-advanced-heading-a38d6050\" class=\"wp-block-themeisle-blocks-advanced-heading wp-block-themeisle-blocks-advanced-heading-a38d6050\"><strong>Argumentari<\/strong><\/p>\n\n\n\n<h2 id=\"wp-block-themeisle-blocks-advanced-heading-4e96de44\" class=\"wp-block-themeisle-blocks-advanced-heading wp-block-themeisle-blocks-advanced-heading-4e96de44\">Per qu\u00e8 el cohabitatge?<\/h2>\n\n\n\n<p class=\"has-text-align-center translation-block\" style=\"font-size:22px\">El cohabitatge o <em>cohousing<\/em> \u00e9s un model d\u2019acc\u00e9s a la vivenda capa\u00e7 de respondre als reptes socials, ambientals i ecn\u00f2mics del moment.<\/p>\n\n\n\n<div class=\"wp-block-buttons is-horizontal is-content-justification-center is-layout-flex wp-container-core-buttons-is-layout-15 wp-block-buttons-is-layout-flex\">\n<div class=\"wp-block-button\"><a class=\"wp-block-button__link wp-element-button\" href=\"https:\/\/cohabitem.org\/ca\/argumentario\/\">T\u2019expliquem per qu\u00e8<\/a><\/div>\n<\/div>\n<\/div>\n<\/div><\/div>","protected":false},"excerpt":{"rendered":"<p>Qui\u00e9nes somos Otros proyectos: Asociaci\u00f3n La Llauradora, La Casita de los Olivos, In LOVE con la Terreta, La Caragola.<\/p>","protected":false},"author":1,"featured_media":0,"parent":0,"menu_order":0,"comment_status":"closed","ping_status":"closed","template":"","meta":{"_themeisle_gutenberg_block_has_review":false,"footnotes":""},"class_list":["post-5","page","type-page","status-publish","hentry"],"_links":{"self":[{"href":"https:\/\/cohabitem.org\/ca\/wp-json\/wp\/v2\/pages\/5","targetHints":{"allow":["GET"]}}],"collection":[{"href":"https:\/\/cohabitem.org\/ca\/wp-json\/wp\/v2\/pages"}],"about":[{"href":"https:\/\/cohabitem.org\/ca\/wp-json\/wp\/v2\/types\/page"}],"author":[{"embeddable":true,"href":"https:\/\/cohabitem.org\/ca\/wp-json\/wp\/v2\/users\/1"}],"replies":[{"embeddable":true,"href":"https:\/\/cohabitem.org\/ca\/wp-json\/wp\/v2\/comments?post=5"}],"version-history":[{"count":383,"href":"https:\/\/cohabitem.org\/ca\/wp-json\/wp\/v2\/pages\/5\/revisions"}],"predecessor-version":[{"id":1671,"href":"https:\/\/cohabitem.org\/ca\/wp-json\/wp\/v2\/pages\/5\/revisions\/1671"}],"wp:attachment":[{"href":"https:\/\/cohabitem.org\/ca\/wp-json\/wp\/v2\/media?parent=5"}],"curies":[{"name":"wp","href":"https:\/\/api.w.org\/{rel}","templated":true}]}}