{"id":1423,"date":"2022-10-24T11:45:35","date_gmt":"2022-10-24T11:45:35","guid":{"rendered":"https:\/\/cohabitem.org\/?page_id=1423"},"modified":"2023-06-21T14:58:51","modified_gmt":"2023-06-21T14:58:51","slug":"recursos","status":"publish","type":"page","link":"https:\/\/cohabitem.org\/es\/recursos\/","title":{"rendered":"Recursos"},"content":{"rendered":"\n<h2 class=\"wp-block-heading\">Normativa<\/h2>\n\n\n\n<p>Recogemos a continuaci\u00f3n las cinco normas auton\u00f3micas que regulan aspectos de las viviendas colaborativas en la Comunidad Valenciana:<\/p>\n\n\n\n<div id=\"wp-block-themeisle-blocks-advanced-columns-e26cbc51\" class=\"wp-block-themeisle-blocks-advanced-columns has-1-columns has-desktop-equal-layout has-tablet-equal-layout has-mobile-equal-layout has-vertical-unset\"><div class=\"wp-block-themeisle-blocks-advanced-columns-overlay\"><\/div><div class=\"innerblocks-wrap\">\n<div id=\"wp-block-themeisle-blocks-advanced-column-a962fb72\" class=\"wp-block-themeisle-blocks-advanced-column\">\n<h4 class=\"wp-block-heading\">LEY 3\/2023, de 13 de abril, de la Generalitat, de Viviendas Colaborativas de la Comunitat Valenciana<\/h4>\n\n\n\n<p>Es la primera ley en Espa\u00f1a dedicada espec\u00edficamente a <strong>regular de forma general<\/strong> este modelo, defini\u00e9ndolo, estableciendo requisitos a cumplir y proponiendo medidas de fomento.<\/p>\n\n\n\n<ul class=\"wp-block-list\">\n<li><a rel=\"noreferrer noopener\" href=\"https:\/\/www.boe.es\/buscar\/act.php?id=BOE-A-2023-10134\" target=\"_blank\"><strong>Enlace al BOE<\/strong><\/a><\/li>\n\n\n\n<li><strong><a href=\"https:\/\/www.boe.es\/buscar\/pdf\/2023\/BOE-A-2023-10134-consolidado.pdf\" target=\"_blank\" rel=\"noreferrer noopener\">Descarga en PDF<\/a><\/strong><\/li>\n<\/ul>\n<\/div>\n<\/div><\/div>\n\n\n\n<div style=\"height:30px\" aria-hidden=\"true\" class=\"wp-block-spacer\"><\/div>\n\n\n\n<div id=\"wp-block-themeisle-blocks-advanced-columns-a3d57b92\" class=\"wp-block-themeisle-blocks-advanced-columns has-1-columns has-desktop-equal-layout has-tablet-equal-layout has-mobile-equal-layout has-vertical-unset\"><div class=\"wp-block-themeisle-blocks-advanced-columns-overlay\"><\/div><div class=\"innerblocks-wrap\">\n<div id=\"wp-block-themeisle-blocks-advanced-column-eed8bdb2\" class=\"wp-block-themeisle-blocks-advanced-column\">\n<h4 class=\"wp-block-heading\">Decreto Legislativo 2\/2015, de 15 de mayo, del Consell, por el que aprueba el texto refundido de la Ley de Cooperativas de la Comunitat Valenciana<\/h4>\n\n\n\n<p>Modificaci\u00f3n de la Ley de Cooperativas para contemplar aspectos espec\u00edficos de las viviendas colaborativas y del modelo de cesi\u00f3n de uso, entre otras cosas.<\/p>\n\n\n\n<ul class=\"wp-block-list\">\n<li><a href=\"https:\/\/www.boe.es\/buscar\/act.php?id=DOGV-r-2015-90416\" target=\"_blank\" rel=\"noreferrer noopener\"><strong>Enlace al BOE<\/strong><\/a><\/li>\n\n\n\n<li><strong><a href=\"https:\/\/www.boe.es\/buscar\/pdf\/2015\/DOGV-r-2015-90416-consolidado.pdf\" target=\"_blank\" rel=\"noreferrer noopener\">Descarga en PDF<\/a><\/strong><\/li>\n<\/ul>\n<\/div>\n<\/div><\/div>\n\n\n\n<div style=\"height:30px\" aria-hidden=\"true\" class=\"wp-block-spacer\"><\/div>\n\n\n\n<div id=\"wp-block-themeisle-blocks-advanced-columns-bd2e20cb\" class=\"wp-block-themeisle-blocks-advanced-columns has-1-columns has-desktop-equal-layout has-tablet-equal-layout has-mobile-equal-layout has-vertical-unset\"><div class=\"wp-block-themeisle-blocks-advanced-columns-overlay\"><\/div><div class=\"innerblocks-wrap\">\n<div id=\"wp-block-themeisle-blocks-advanced-column-0084f394\" class=\"wp-block-themeisle-blocks-advanced-column\">\n<h4 class=\"wp-block-heading\">DECRETO 27\/2023, de 10 de marzo, del Consell, por el que se regulan la tipolog\u00eda y el funcionamiento de los centros, servicios y programas de servicios sociales, y su ordenaci\u00f3n dentro de la estructura funcional, territorial y competencial del Sistema P\u00fablico Valenciano de Servicios Sociales<\/h4>\n\n\n\n<p>Incluye las viviendas colaborativas para ciertos colectivos como una <strong>nueva tipolog\u00eda de centro de servicios sociales<\/strong>, estableciendo los requisitos a cumplir para ser consideradas como tales.<\/p>\n\n\n\n<ul class=\"wp-block-list\">\n<li><strong><a href=\"https:\/\/dogv.gva.es\/va\/resultat-dogv?signatura=2023\/2822&amp;L=1\" target=\"_blank\" rel=\"noreferrer noopener\">Enlace al DOGV<\/a><\/strong><\/li>\n\n\n\n<li><strong><a href=\"https:\/\/dogv.gva.es\/datos\/2023\/03\/22\/pdf\/2023_2822.pdf\" target=\"_blank\" rel=\"noreferrer noopener\">Descarga en PDF<\/a><\/strong><\/li>\n<\/ul>\n<\/div>\n<\/div><\/div>\n\n\n\n<div style=\"height:30px\" aria-hidden=\"true\" class=\"wp-block-spacer\"><\/div>\n\n\n\n<div id=\"wp-block-themeisle-blocks-advanced-columns-aa39a800\" class=\"wp-block-themeisle-blocks-advanced-columns has-1-columns has-desktop-equal-layout has-tablet-equal-layout has-mobile-equal-layout has-vertical-unset\"><div class=\"wp-block-themeisle-blocks-advanced-columns-overlay\"><\/div><div class=\"innerblocks-wrap\">\n<div id=\"wp-block-themeisle-blocks-advanced-column-86bfe6ec\" class=\"wp-block-themeisle-blocks-advanced-column\">\n<h4 class=\"wp-block-heading\">DECRETO 68\/2023, de 12 de mayo, del Consell, por el que se aprueba el Reglamento de vivienda de protecci\u00f3n p\u00fablica y r\u00e9gimen jur\u00eddico de patrimonio p\u00fablico de vivienda y suelo de la Generalitat<\/h4>\n\n\n\n<p>Contempla expl\u00edcitamente la <strong>cesi\u00f3n de uso y las viviendas colaborativas<\/strong>, regulando algunos aspectos espec\u00edficos de \u00e9stas.<\/p>\n\n\n\n<ul class=\"wp-block-list\">\n<li><strong><a href=\"https:\/\/dogv.gva.es\/va\/resultat-dogv?signatura=2023\/5211&amp;L=1\" target=\"_blank\" rel=\"noreferrer noopener\">Enlace al DOGV<\/a><\/strong><\/li>\n\n\n\n<li><strong><a href=\"https:\/\/dogv.gva.es\/datos\/2023\/05\/16\/pdf\/2023_5211.pdf\" target=\"_blank\" rel=\"noreferrer noopener\">Descarga en PDF<\/a><\/strong><\/li>\n<\/ul>\n<\/div>\n<\/div><\/div>\n\n\n\n<div style=\"height:30px\" aria-hidden=\"true\" class=\"wp-block-spacer\"><\/div>\n\n\n\n<div id=\"wp-block-themeisle-blocks-advanced-columns-0636c67f\" class=\"wp-block-themeisle-blocks-advanced-columns has-1-columns has-desktop-equal-layout has-tablet-equal-layout has-mobile-equal-layout has-vertical-unset\"><div class=\"wp-block-themeisle-blocks-advanced-columns-overlay\"><\/div><div class=\"innerblocks-wrap\">\n<div id=\"wp-block-themeisle-blocks-advanced-column-702773cf\" class=\"wp-block-themeisle-blocks-advanced-column\">\n<h4 class=\"wp-block-heading\">DECRETO 80\/2023, de 26 de mayo, del Consell, por el que se aprueban las normas de dise\u00f1o y calidad en edificios de vivienda<\/h4>\n\n\n\n<p>Contempla expl\u00edcitamente las <strong>viviendas colaborativas<\/strong>, regulando algunos aspectos espec\u00edficos de \u00e9stas referidos a habitabilidad, dimensiones, etc.<\/p>\n\n\n\n<ul class=\"wp-block-list\">\n<li><strong><a href=\"https:\/\/dogv.gva.es\/va\/resultat-dogv?signatura=2023\/6094&amp;L=1\" target=\"_blank\" rel=\"noreferrer noopener\">Enlace al DOGV<\/a><\/strong><\/li>\n\n\n\n<li><strong><a href=\"https:\/\/dogv.gva.es\/datos\/2023\/06\/02\/pdf\/2023_6094.pdf\" target=\"_blank\" rel=\"noreferrer noopener\">Descarga en PDF<\/a><\/strong><\/li>\n<\/ul>\n<\/div>\n<\/div><\/div>\n\n\n\n<p><\/p>\n\n\n\n<h2 class=\"wp-block-heading\">Documentos<\/h2>\n\n\n\n<p>Estudios, gu\u00edas o informes relevantes sobre la vivienda colaborativa en la Comunidad Valenciana:<\/p>\n\n\n\n<div class=\"wp-block-columns is-layout-flex wp-container-core-columns-is-layout-1 wp-block-columns-is-layout-flex\">\n<div class=\"wp-block-column is-layout-flow wp-block-column-is-layout-flow\" style=\"flex-basis:33.33%\">\n<figure class=\"wp-block-image size-full\"><img decoding=\"async\" width=\"621\" height=\"885\" src=\"https:\/\/cohabitem.org\/wp-content\/uploads\/2022\/10\/image-7.png\" alt=\"\" class=\"wp-image-1436\" srcset=\"https:\/\/cohabitem.org\/wp-content\/uploads\/2022\/10\/image-7.png 621w, https:\/\/cohabitem.org\/wp-content\/uploads\/2022\/10\/image-7-211x300.png 211w, https:\/\/cohabitem.org\/wp-content\/uploads\/2022\/10\/image-7-8x12.png 8w\" sizes=\"(max-width: 621px) 100vw, 621px\" \/><\/figure>\n<\/div>\n\n\n\n<div class=\"wp-block-column is-layout-flow wp-block-column-is-layout-flow\" style=\"flex-basis:66.66%\">\n<h3 class=\"wp-block-heading\">Gu\u00eda jur\u00eddica y fiscal del <em>cohousing<\/em> cooperativo en la Comunitat Valenciana<\/h3>\n\n\n\n<p>Colaboraci\u00f3n de la Generalitat, Fecovi y IUDESCOOP, el Instituto Universitario de Investigaci\u00f3n en Econom\u00eda Social, Cooperativismo y Emprendimiento de la Universitat de Valencia.<\/p>\n\n\n\n<div class=\"wp-block-buttons is-content-justification-left is-layout-flex wp-container-core-buttons-is-layout-1 wp-block-buttons-is-layout-flex\">\n<div class=\"wp-block-button\"><a class=\"wp-block-button__link wp-element-button\" href=\"https:\/\/www.uv.es\/aulaempresoc\/publicaciones\/2020-guia-juridica-cohousing.pdf\">Descargar la gu\u00eda (PDF)<\/a><\/div>\n<\/div>\n<\/div>\n<\/div>\n\n\n\n<div class=\"wp-block-columns is-layout-flex wp-container-core-columns-is-layout-2 wp-block-columns-is-layout-flex\">\n<div class=\"wp-block-column is-layout-flow wp-block-column-is-layout-flow\" style=\"flex-basis:33.33%\">\n<figure class=\"wp-block-image size-full\"><img decoding=\"async\" width=\"621\" height=\"885\" src=\"https:\/\/cohabitem.org\/wp-content\/uploads\/2022\/10\/image-6.png\" alt=\"\" class=\"wp-image-1435\" srcset=\"https:\/\/cohabitem.org\/wp-content\/uploads\/2022\/10\/image-6.png 621w, https:\/\/cohabitem.org\/wp-content\/uploads\/2022\/10\/image-6-211x300.png 211w, https:\/\/cohabitem.org\/wp-content\/uploads\/2022\/10\/image-6-8x12.png 8w\" sizes=\"(max-width: 621px) 100vw, 621px\" \/><\/figure>\n<\/div>\n\n\n\n<div class=\"wp-block-column is-layout-flow wp-block-column-is-layout-flow\" style=\"flex-basis:66.66%\">\n<h3 class=\"wp-block-heading\">Viviendas Colaborativas: estado actual en la Comunidad Valenciana<\/h3>\n\n\n\n<p>Colaboraci\u00f3n de la Generalitat, Fecovi y el Aula Empresocial de la Universitat de Valencia.<\/p>\n\n\n\n<div class=\"wp-block-buttons is-content-justification-left is-layout-flex wp-container-core-buttons-is-layout-2 wp-block-buttons-is-layout-flex\">\n<div class=\"wp-block-button\"><a class=\"wp-block-button__link wp-element-button\" href=\"https:\/\/fecovi.es\/documentacion\/publicaciones\/9-Libro-Viviendas-Colaborativas-estado-actual-CV.pdf\">Descargar el informe (PDF)<\/a><\/div>\n<\/div>\n<\/div>\n<\/div>\n\n\n\n<div class=\"wp-block-columns is-layout-flex wp-container-core-columns-is-layout-3 wp-block-columns-is-layout-flex\">\n<div class=\"wp-block-column is-layout-flow wp-block-column-is-layout-flow\" style=\"flex-basis:33.33%\">\n<figure class=\"wp-block-image size-full\"><img decoding=\"async\" width=\"579\" height=\"819\" src=\"https:\/\/cohabitem.org\/wp-content\/uploads\/2022\/10\/image-8.png\" alt=\"\" class=\"wp-image-1438\" srcset=\"https:\/\/cohabitem.org\/wp-content\/uploads\/2022\/10\/image-8.png 579w, https:\/\/cohabitem.org\/wp-content\/uploads\/2022\/10\/image-8-212x300.png 212w, https:\/\/cohabitem.org\/wp-content\/uploads\/2022\/10\/image-8-8x12.png 8w\" sizes=\"(max-width: 579px) 100vw, 579px\" \/><\/figure>\n<\/div>\n\n\n\n<div class=\"wp-block-column is-layout-flow wp-block-column-is-layout-flow\" style=\"flex-basis:66.66%\">\n<h3 class=\"wp-block-heading\">Base Viva &#8211; Claves de la colaboraci\u00f3n publico-cooperativa en el \u00e1mbito local: vivienda, empleo y servicios p\u00fablico<\/h3>\n\n\n\n<p>Colaboraci\u00f3n de la Generalitat, Fecovi y Iudescop (Instituto Universitario de Investigaci\u00f3n en Econom\u00eda Social, Cooperativismo y Emprendimiento de la Universitat de Valencia.<\/p>\n\n\n\n<div class=\"wp-block-buttons is-content-justification-left is-layout-flex wp-container-core-buttons-is-layout-3 wp-block-buttons-is-layout-flex\">\n<div class=\"wp-block-button\"><a class=\"wp-block-button__link wp-element-button\" href=\"https:\/\/fecovi.es\/documentacion\/publicaciones\/7-Guia-Base-Viva.pdf\">Descargar la gu\u00eda (PDF)<\/a><\/div>\n<\/div>\n<\/div>\n<\/div>\n","protected":false},"excerpt":{"rendered":"<p>Normativa Recogemos a continuaci\u00f3n las cinco normas auton\u00f3micas que regulan aspectos de las viviendas colaborativas en la Comunidad Valenciana: Documentos Estudios, gu\u00edas o informes relevantes sobre la vivienda colaborativa en la Comunidad Valenciana: Gu\u00eda jur\u00eddica y fiscal del cohousing cooperativo en la Comunitat Valenciana Colaboraci\u00f3n de la Generalitat, Fecovi y IUDESCOOP, el Instituto Universitario de [&hellip;]<\/p>\n","protected":false},"author":1,"featured_media":0,"parent":0,"menu_order":0,"comment_status":"closed","ping_status":"closed","template":"custom_slug_613888e4d0e71","meta":{"_themeisle_gutenberg_block_has_review":false,"footnotes":""},"class_list":["post-1423","page","type-page","status-publish","hentry"],"_links":{"self":[{"href":"https:\/\/cohabitem.org\/es\/wp-json\/wp\/v2\/pages\/1423","targetHints":{"allow":["GET"]}}],"collection":[{"href":"https:\/\/cohabitem.org\/es\/wp-json\/wp\/v2\/pages"}],"about":[{"href":"https:\/\/cohabitem.org\/es\/wp-json\/wp\/v2\/types\/page"}],"author":[{"embeddable":true,"href":"https:\/\/cohabitem.org\/es\/wp-json\/wp\/v2\/users\/1"}],"replies":[{"embeddable":true,"href":"https:\/\/cohabitem.org\/es\/wp-json\/wp\/v2\/comments?post=1423"}],"version-history":[{"count":29,"href":"https:\/\/cohabitem.org\/es\/wp-json\/wp\/v2\/pages\/1423\/revisions"}],"predecessor-version":[{"id":1605,"href":"https:\/\/cohabitem.org\/es\/wp-json\/wp\/v2\/pages\/1423\/revisions\/1605"}],"wp:attachment":[{"href":"https:\/\/cohabitem.org\/es\/wp-json\/wp\/v2\/media?parent=1423"}],"curies":[{"name":"wp","href":"https:\/\/api.w.org\/{rel}","templated":true}]}}